{"id":30576,"date":"2023-11-09T12:42:14","date_gmt":"2023-11-09T11:42:14","guid":{"rendered":"https:\/\/kommit-bike.de\/produkt\/kommit-multisport-clip-inklusive-outdoor-gurtel\/"},"modified":"2026-03-25T13:00:41","modified_gmt":"2026-03-25T12:00:41","slug":"kommit-multisport-clip-inklusive-outdoor-gurtel","status":"publish","type":"product","link":"https:\/\/kommit-bike.de\/fr\/produkt\/kommit-multisport-clip-inklusive-outdoor-gurtel\/","title":{"rendered":"kommit\u00ae Multisport CLIP avec ceinture kommit\u00ae Outdoor"},"content":{"rendered":"<h2><strong>kommit\u00ae Multisport CLIP avec ceinture kommit\u00ae Outdoor&nbsp;!<br \/>\n<\/strong>(Sans syst\u00e8me de traction kommit\u00ae)<\/h2>\n<p><strong>Gr\u00e2ce au kommit\u00ae Multisport CLIP que nous avons d\u00e9velopp\u00e9, ton syst\u00e8me de traction kommit\u00ae est d\u00e9sormais pr\u00eat \u00e0 l&#8217;emploi pour presque tous les sports. Fixe simplement le syst\u00e8me de traction kommit\u00ae Outdoor, r\u00e9compens\u00e9 par le Design  Innovation Award, sans outil et en quelques secondes dans le kommit\u00ae Multisport CLIP, enfile la ceinture kommit\u00ae Outdoor et c&#8217;est parti pour des possibilit\u00e9s illimit\u00e9es. Chez le partenaire, selon le sport, la boucle peut ensuite \u00eatre fix\u00e9e \u00e0 un mousqueton sur une ceinture, une ceinture de sac \u00e0 dos, un baudrier d&#8217;escalade, une sangle de poitrine, une banane, etc.<\/strong><\/p>\n<h3><strong>Sports d&#8217;hiver<\/strong><\/h3>\n<p><span style=\"font-size: 16px;\">en ski de randonn\u00e9e, remonter la pente, en ski de fond, tracter l&#8217;enfant lorsqu&#8217;il n&#8217;a plus de force, en ski alpin, servir de frein \u00e0 l&#8217;enfant en descente, remonter la luge les mains libres, &#8230;<\/span><\/p>\n<p><img loading=\"lazy\" decoding=\"async\" class=\"alignnone wp-image-27778 \" src=\"https:\/\/kommit-bike.de\/wp-content\/uploads\/2023\/11\/24_11-kommit-Winter-schlitten-2-450x450.jpg\" alt=\"\" width=\"249\" height=\"249\" srcset=\"https:\/\/kommit-bike.de\/wp-content\/uploads\/2023\/11\/24_11-kommit-Winter-schlitten-2-450x450.jpg 450w, https:\/\/kommit-bike.de\/wp-content\/uploads\/2023\/11\/24_11-kommit-Winter-schlitten-2-650x650.jpg 650w, https:\/\/kommit-bike.de\/wp-content\/uploads\/2023\/11\/24_11-kommit-Winter-schlitten-2-768x768.jpg 768w, https:\/\/kommit-bike.de\/wp-content\/uploads\/2023\/11\/24_11-kommit-Winter-schlitten-2-1536x1536.jpg 1536w, https:\/\/kommit-bike.de\/wp-content\/uploads\/2023\/11\/24_11-kommit-Winter-schlitten-2-300x300.jpg 300w, https:\/\/kommit-bike.de\/wp-content\/uploads\/2023\/11\/24_11-kommit-Winter-schlitten-2-600x600.jpg 600w, https:\/\/kommit-bike.de\/wp-content\/uploads\/2023\/11\/24_11-kommit-Winter-schlitten-2-100x100.jpg 100w, https:\/\/kommit-bike.de\/wp-content\/uploads\/2023\/11\/24_11-kommit-Winter-schlitten-2.jpg 2048w\" sizes=\"auto, (max-width: 249px) 100vw, 249px\" \/><img loading=\"lazy\" decoding=\"async\" class=\"alignnone wp-image-24729 \" src=\"https:\/\/kommit-bike.de\/wp-content\/uploads\/2023\/12\/23_07-Kommit-Header-collage-450x450.png\" alt=\"\" width=\"250\" height=\"250\" srcset=\"https:\/\/kommit-bike.de\/wp-content\/uploads\/2023\/12\/23_07-Kommit-Header-collage-450x450.png 450w, https:\/\/kommit-bike.de\/wp-content\/uploads\/2023\/12\/23_07-Kommit-Header-collage-300x300.png 300w, https:\/\/kommit-bike.de\/wp-content\/uploads\/2023\/12\/23_07-Kommit-Header-collage-100x100.png 100w\" sizes=\"auto, (max-width: 250px) 100vw, 250px\" \/><img loading=\"lazy\" decoding=\"async\" class=\"alignnone wp-image-27736 \" src=\"https:\/\/kommit-bike.de\/wp-content\/uploads\/2023\/11\/24_11-kommit-Winter-ski-alpine-450x450.jpg\" alt=\"\" width=\"250\" height=\"250\" srcset=\"https:\/\/kommit-bike.de\/wp-content\/uploads\/2023\/11\/24_11-kommit-Winter-ski-alpine-450x450.jpg 450w, https:\/\/kommit-bike.de\/wp-content\/uploads\/2023\/11\/24_11-kommit-Winter-ski-alpine-650x650.jpg 650w, https:\/\/kommit-bike.de\/wp-content\/uploads\/2023\/11\/24_11-kommit-Winter-ski-alpine-768x768.jpg 768w, https:\/\/kommit-bike.de\/wp-content\/uploads\/2023\/11\/24_11-kommit-Winter-ski-alpine-1536x1536.jpg 1536w, https:\/\/kommit-bike.de\/wp-content\/uploads\/2023\/11\/24_11-kommit-Winter-ski-alpine-300x300.jpg 300w, https:\/\/kommit-bike.de\/wp-content\/uploads\/2023\/11\/24_11-kommit-Winter-ski-alpine-600x600.jpg 600w, https:\/\/kommit-bike.de\/wp-content\/uploads\/2023\/11\/24_11-kommit-Winter-ski-alpine-100x100.jpg 100w, https:\/\/kommit-bike.de\/wp-content\/uploads\/2023\/11\/24_11-kommit-Winter-ski-alpine.jpg 2048w\" sizes=\"auto, (max-width: 250px) 100vw, 250px\" \/><img loading=\"lazy\" decoding=\"async\" class=\"alignnone wp-image-24471\" src=\"https:\/\/kommit-bike.de\/wp-content\/uploads\/2023\/11\/1-450x450.png\" alt=\"\" width=\"249\" height=\"249\" srcset=\"https:\/\/kommit-bike.de\/wp-content\/uploads\/2023\/11\/1-450x450.png 450w, https:\/\/kommit-bike.de\/wp-content\/uploads\/2023\/11\/1-650x650.png 650w, https:\/\/kommit-bike.de\/wp-content\/uploads\/2023\/11\/1-768x768.png 768w, https:\/\/kommit-bike.de\/wp-content\/uploads\/2023\/11\/1-300x300.png 300w, https:\/\/kommit-bike.de\/wp-content\/uploads\/2023\/11\/1-600x600.png 600w, https:\/\/kommit-bike.de\/wp-content\/uploads\/2023\/11\/1-100x100.png 100w, https:\/\/kommit-bike.de\/wp-content\/uploads\/2023\/11\/1.png 1080w\" sizes=\"auto, (max-width: 249px) 100vw, 249px\" \/><img loading=\"lazy\" decoding=\"async\" class=\"alignnone wp-image-27750 \" src=\"https:\/\/kommit-bike.de\/wp-content\/uploads\/2023\/11\/24_11-kommit-Winter-ski-tour-12-450x450.jpg\" alt=\"\" width=\"249\" height=\"249\" srcset=\"https:\/\/kommit-bike.de\/wp-content\/uploads\/2023\/11\/24_11-kommit-Winter-ski-tour-12-450x450.jpg 450w, https:\/\/kommit-bike.de\/wp-content\/uploads\/2023\/11\/24_11-kommit-Winter-ski-tour-12-650x650.jpg 650w, https:\/\/kommit-bike.de\/wp-content\/uploads\/2023\/11\/24_11-kommit-Winter-ski-tour-12-768x768.jpg 768w, https:\/\/kommit-bike.de\/wp-content\/uploads\/2023\/11\/24_11-kommit-Winter-ski-tour-12-1536x1536.jpg 1536w, https:\/\/kommit-bike.de\/wp-content\/uploads\/2023\/11\/24_11-kommit-Winter-ski-tour-12-300x300.jpg 300w, https:\/\/kommit-bike.de\/wp-content\/uploads\/2023\/11\/24_11-kommit-Winter-ski-tour-12-600x600.jpg 600w, https:\/\/kommit-bike.de\/wp-content\/uploads\/2023\/11\/24_11-kommit-Winter-ski-tour-12-100x100.jpg 100w, https:\/\/kommit-bike.de\/wp-content\/uploads\/2023\/11\/24_11-kommit-Winter-ski-tour-12.jpg 2048w\" sizes=\"auto, (max-width: 249px) 100vw, 249px\" \/><img loading=\"lazy\" decoding=\"async\" class=\"alignnone wp-image-24485\" src=\"https:\/\/kommit-bike.de\/wp-content\/uploads\/2023\/11\/3-450x450.png\" alt=\"\" width=\"250\" height=\"250\" srcset=\"https:\/\/kommit-bike.de\/wp-content\/uploads\/2023\/11\/3-450x450.png 450w, https:\/\/kommit-bike.de\/wp-content\/uploads\/2023\/11\/3-650x650.png 650w, https:\/\/kommit-bike.de\/wp-content\/uploads\/2023\/11\/3-768x768.png 768w, https:\/\/kommit-bike.de\/wp-content\/uploads\/2023\/11\/3-300x300.png 300w, https:\/\/kommit-bike.de\/wp-content\/uploads\/2023\/11\/3-600x600.png 600w, https:\/\/kommit-bike.de\/wp-content\/uploads\/2023\/11\/3-100x100.png 100w, https:\/\/kommit-bike.de\/wp-content\/uploads\/2023\/11\/3.png 1080w\" sizes=\"auto, (max-width: 250px) 100vw, 250px\" \/><img loading=\"lazy\" decoding=\"async\" class=\"alignnone wp-image-27771 \" src=\"https:\/\/kommit-bike.de\/wp-content\/uploads\/2023\/11\/24_11-kommit-Winter-ski-tour-6-450x450.jpg\" alt=\"\" width=\"250\" height=\"250\" srcset=\"https:\/\/kommit-bike.de\/wp-content\/uploads\/2023\/11\/24_11-kommit-Winter-ski-tour-6-450x450.jpg 450w, https:\/\/kommit-bike.de\/wp-content\/uploads\/2023\/11\/24_11-kommit-Winter-ski-tour-6-650x650.jpg 650w, https:\/\/kommit-bike.de\/wp-content\/uploads\/2023\/11\/24_11-kommit-Winter-ski-tour-6-768x768.jpg 768w, https:\/\/kommit-bike.de\/wp-content\/uploads\/2023\/11\/24_11-kommit-Winter-ski-tour-6-1536x1536.jpg 1536w, https:\/\/kommit-bike.de\/wp-content\/uploads\/2023\/11\/24_11-kommit-Winter-ski-tour-6-300x300.jpg 300w, https:\/\/kommit-bike.de\/wp-content\/uploads\/2023\/11\/24_11-kommit-Winter-ski-tour-6-600x600.jpg 600w, https:\/\/kommit-bike.de\/wp-content\/uploads\/2023\/11\/24_11-kommit-Winter-ski-tour-6-100x100.jpg 100w, https:\/\/kommit-bike.de\/wp-content\/uploads\/2023\/11\/24_11-kommit-Winter-ski-tour-6.jpg 2048w\" sizes=\"auto, (max-width: 250px) 100vw, 250px\" \/><img loading=\"lazy\" decoding=\"async\" class=\"alignnone wp-image-24492\" src=\"https:\/\/kommit-bike.de\/wp-content\/uploads\/2023\/11\/4-450x450.png\" alt=\"\" width=\"250\" height=\"250\" srcset=\"https:\/\/kommit-bike.de\/wp-content\/uploads\/2023\/11\/4-450x450.png 450w, https:\/\/kommit-bike.de\/wp-content\/uploads\/2023\/11\/4-650x650.png 650w, https:\/\/kommit-bike.de\/wp-content\/uploads\/2023\/11\/4-768x768.png 768w, https:\/\/kommit-bike.de\/wp-content\/uploads\/2023\/11\/4-300x300.png 300w, https:\/\/kommit-bike.de\/wp-content\/uploads\/2023\/11\/4-600x600.png 600w, https:\/\/kommit-bike.de\/wp-content\/uploads\/2023\/11\/4-100x100.png 100w, https:\/\/kommit-bike.de\/wp-content\/uploads\/2023\/11\/4.png 1080w\" sizes=\"auto, (max-width: 250px) 100vw, 250px\" \/><img loading=\"lazy\" decoding=\"async\" class=\"alignnone wp-image-27764 \" src=\"https:\/\/kommit-bike.de\/wp-content\/uploads\/2023\/11\/24_11-kommit-Winter-ski-tour-121-450x450.jpg\" alt=\"\" width=\"251\" height=\"251\" srcset=\"https:\/\/kommit-bike.de\/wp-content\/uploads\/2023\/11\/24_11-kommit-Winter-ski-tour-121-450x450.jpg 450w, https:\/\/kommit-bike.de\/wp-content\/uploads\/2023\/11\/24_11-kommit-Winter-ski-tour-121-650x650.jpg 650w, https:\/\/kommit-bike.de\/wp-content\/uploads\/2023\/11\/24_11-kommit-Winter-ski-tour-121-768x768.jpg 768w, https:\/\/kommit-bike.de\/wp-content\/uploads\/2023\/11\/24_11-kommit-Winter-ski-tour-121-1536x1536.jpg 1536w, https:\/\/kommit-bike.de\/wp-content\/uploads\/2023\/11\/24_11-kommit-Winter-ski-tour-121-300x300.jpg 300w, https:\/\/kommit-bike.de\/wp-content\/uploads\/2023\/11\/24_11-kommit-Winter-ski-tour-121-600x600.jpg 600w, https:\/\/kommit-bike.de\/wp-content\/uploads\/2023\/11\/24_11-kommit-Winter-ski-tour-121-100x100.jpg 100w, https:\/\/kommit-bike.de\/wp-content\/uploads\/2023\/11\/24_11-kommit-Winter-ski-tour-121.jpg 2048w\" sizes=\"auto, (max-width: 251px) 100vw, 251px\" \/><\/p>\n<h3><strong>Sports d&#8217;\u00e9t\u00e9<\/strong><\/h3>\n<p>En course de montagne, aider le plus faible \u00e0 monter, en jogging, tra\u00eener son enfant \u00e0 v\u00e9lo comme poids d&#8217;entra\u00eenement, &#8230;<\/p>\n<p><img loading=\"lazy\" decoding=\"async\" class=\"alignnone wp-image-27692 \" src=\"https:\/\/kommit-bike.de\/wp-content\/uploads\/2024\/11\/Kommit_Action_Jogger_Gidi-5258.jpg\" alt=\"\" width=\"249\" height=\"249\" srcset=\"https:\/\/kommit-bike.de\/wp-content\/uploads\/2024\/11\/Kommit_Action_Jogger_Gidi-5258.jpg 400w, https:\/\/kommit-bike.de\/wp-content\/uploads\/2024\/11\/Kommit_Action_Jogger_Gidi-5258-300x300.jpg 300w, https:\/\/kommit-bike.de\/wp-content\/uploads\/2024\/11\/Kommit_Action_Jogger_Gidi-5258-100x100.jpg 100w\" sizes=\"auto, (max-width: 249px) 100vw, 249px\" \/><img loading=\"lazy\" decoding=\"async\" class=\"alignnone wp-image-24634\" src=\"https:\/\/kommit-bike.de\/wp-content\/uploads\/2023\/11\/kommit-Clip-9-450x450.png\" alt=\"\" width=\"250\" height=\"250\" srcset=\"https:\/\/kommit-bike.de\/wp-content\/uploads\/2023\/11\/kommit-Clip-9-450x450.png 450w, https:\/\/kommit-bike.de\/wp-content\/uploads\/2023\/11\/kommit-Clip-9-650x650.png 650w, https:\/\/kommit-bike.de\/wp-content\/uploads\/2023\/11\/kommit-Clip-9-768x768.png 768w, https:\/\/kommit-bike.de\/wp-content\/uploads\/2023\/11\/kommit-Clip-9-300x300.png 300w, https:\/\/kommit-bike.de\/wp-content\/uploads\/2023\/11\/kommit-Clip-9-600x600.png 600w, https:\/\/kommit-bike.de\/wp-content\/uploads\/2023\/11\/kommit-Clip-9-100x100.png 100w, https:\/\/kommit-bike.de\/wp-content\/uploads\/2023\/11\/kommit-Clip-9.png 810w\" sizes=\"auto, (max-width: 250px) 100vw, 250px\" \/><img loading=\"lazy\" decoding=\"async\" class=\"alignnone wp-image-27792 \" src=\"https:\/\/kommit-bike.de\/wp-content\/uploads\/2023\/11\/Kommit_Action_Jogger_Gidi-5255-450x450.jpg\" alt=\"\" width=\"247\" height=\"247\" srcset=\"https:\/\/kommit-bike.de\/wp-content\/uploads\/2023\/11\/Kommit_Action_Jogger_Gidi-5255-450x450.jpg 450w, https:\/\/kommit-bike.de\/wp-content\/uploads\/2023\/11\/Kommit_Action_Jogger_Gidi-5255-650x650.jpg 650w, https:\/\/kommit-bike.de\/wp-content\/uploads\/2023\/11\/Kommit_Action_Jogger_Gidi-5255-768x768.jpg 768w, https:\/\/kommit-bike.de\/wp-content\/uploads\/2023\/11\/Kommit_Action_Jogger_Gidi-5255-1536x1536.jpg 1536w, https:\/\/kommit-bike.de\/wp-content\/uploads\/2023\/11\/Kommit_Action_Jogger_Gidi-5255-300x300.jpg 300w, https:\/\/kommit-bike.de\/wp-content\/uploads\/2023\/11\/Kommit_Action_Jogger_Gidi-5255-600x600.jpg 600w, https:\/\/kommit-bike.de\/wp-content\/uploads\/2023\/11\/Kommit_Action_Jogger_Gidi-5255-100x100.jpg 100w, https:\/\/kommit-bike.de\/wp-content\/uploads\/2023\/11\/Kommit_Action_Jogger_Gidi-5255.jpg 2048w\" sizes=\"auto, (max-width: 247px) 100vw, 247px\" \/><\/p>\n<h3><strong>Sur le v\u00e9lo<\/strong><\/h3>\n<p>Nouvelles possibilit\u00e9s de fixation directement sur le cadre, la tige de selle, les raccords de tuyaux sur les v\u00e9los cargo, &#8230;<\/p>\n<p><img loading=\"lazy\" decoding=\"async\" class=\"alignnone wp-image-27307\" src=\"https:\/\/kommit-bike.de\/wp-content\/uploads\/2023\/11\/Kommit_Action_Seatpost_Mount-5083-web-e1728815399605.jpg\" alt=\"\" width=\"250\" height=\"250\" srcset=\"https:\/\/kommit-bike.de\/wp-content\/uploads\/2023\/11\/Kommit_Action_Seatpost_Mount-5083-web-e1728815399605.jpg 1066w, https:\/\/kommit-bike.de\/wp-content\/uploads\/2023\/11\/Kommit_Action_Seatpost_Mount-5083-web-e1728815399605-450x450.jpg 450w, https:\/\/kommit-bike.de\/wp-content\/uploads\/2023\/11\/Kommit_Action_Seatpost_Mount-5083-web-e1728815399605-650x650.jpg 650w, https:\/\/kommit-bike.de\/wp-content\/uploads\/2023\/11\/Kommit_Action_Seatpost_Mount-5083-web-e1728815399605-768x768.jpg 768w, https:\/\/kommit-bike.de\/wp-content\/uploads\/2023\/11\/Kommit_Action_Seatpost_Mount-5083-web-e1728815399605-300x300.jpg 300w, https:\/\/kommit-bike.de\/wp-content\/uploads\/2023\/11\/Kommit_Action_Seatpost_Mount-5083-web-e1728815399605-600x600.jpg 600w, https:\/\/kommit-bike.de\/wp-content\/uploads\/2023\/11\/Kommit_Action_Seatpost_Mount-5083-web-e1728815399605-100x100.jpg 100w\" sizes=\"auto, (max-width: 250px) 100vw, 250px\" \/><img loading=\"lazy\" decoding=\"async\" class=\"alignnone wp-image-27314 \" src=\"https:\/\/kommit-bike.de\/wp-content\/uploads\/2023\/11\/Kommit_Action_Seatpost_Mount-5087-web-e1728815485650.jpg\" alt=\"\" width=\"250\" height=\"250\" srcset=\"https:\/\/kommit-bike.de\/wp-content\/uploads\/2023\/11\/Kommit_Action_Seatpost_Mount-5087-web-e1728815485650.jpg 1066w, https:\/\/kommit-bike.de\/wp-content\/uploads\/2023\/11\/Kommit_Action_Seatpost_Mount-5087-web-e1728815485650-450x450.jpg 450w, https:\/\/kommit-bike.de\/wp-content\/uploads\/2023\/11\/Kommit_Action_Seatpost_Mount-5087-web-e1728815485650-650x650.jpg 650w, https:\/\/kommit-bike.de\/wp-content\/uploads\/2023\/11\/Kommit_Action_Seatpost_Mount-5087-web-e1728815485650-768x768.jpg 768w, https:\/\/kommit-bike.de\/wp-content\/uploads\/2023\/11\/Kommit_Action_Seatpost_Mount-5087-web-e1728815485650-300x300.jpg 300w, https:\/\/kommit-bike.de\/wp-content\/uploads\/2023\/11\/Kommit_Action_Seatpost_Mount-5087-web-e1728815485650-600x600.jpg 600w, https:\/\/kommit-bike.de\/wp-content\/uploads\/2023\/11\/Kommit_Action_Seatpost_Mount-5087-web-e1728815485650-100x100.jpg 100w\" sizes=\"auto, (max-width: 250px) 100vw, 250px\" \/><img loading=\"lazy\" decoding=\"async\" class=\"alignnone wp-image-27300 \" src=\"https:\/\/kommit-bike.de\/wp-content\/uploads\/2023\/11\/Kommit_Action_Seatpost_Mount-5081_web-e1728815345302.jpg\" alt=\"\" width=\"250\" height=\"250\" srcset=\"https:\/\/kommit-bike.de\/wp-content\/uploads\/2023\/11\/Kommit_Action_Seatpost_Mount-5081_web-e1728815345302.jpg 1066w, https:\/\/kommit-bike.de\/wp-content\/uploads\/2023\/11\/Kommit_Action_Seatpost_Mount-5081_web-e1728815345302-450x450.jpg 450w, https:\/\/kommit-bike.de\/wp-content\/uploads\/2023\/11\/Kommit_Action_Seatpost_Mount-5081_web-e1728815345302-650x650.jpg 650w, https:\/\/kommit-bike.de\/wp-content\/uploads\/2023\/11\/Kommit_Action_Seatpost_Mount-5081_web-e1728815345302-768x768.jpg 768w, https:\/\/kommit-bike.de\/wp-content\/uploads\/2023\/11\/Kommit_Action_Seatpost_Mount-5081_web-e1728815345302-300x300.jpg 300w, https:\/\/kommit-bike.de\/wp-content\/uploads\/2023\/11\/Kommit_Action_Seatpost_Mount-5081_web-e1728815345302-600x600.jpg 600w, https:\/\/kommit-bike.de\/wp-content\/uploads\/2023\/11\/Kommit_Action_Seatpost_Mount-5081_web-e1728815345302-100x100.jpg 100w\" sizes=\"auto, (max-width: 250px) 100vw, 250px\" \/><\/p>\n<h3><strong>Sur le biker<\/strong><\/h3>\n<p>Le syst\u00e8me de traction kommit\u00ae Outdoor peut d\u00e9sormais \u00eatre fix\u00e9, entre autres, aux ceintures de sacs \u00e0 dos et aux hipbags gr\u00e2ce au kommit\u00ae Multisport Clip.<\/p>\n<p><img loading=\"lazy\" decoding=\"async\" class=\"alignnone wp-image-24513\" src=\"https:\/\/kommit-bike.de\/wp-content\/uploads\/2023\/11\/kommit-Clip-5-450x450.png\" alt=\"\" width=\"250\" height=\"250\" srcset=\"https:\/\/kommit-bike.de\/wp-content\/uploads\/2023\/11\/kommit-Clip-5-450x450.png 450w, https:\/\/kommit-bike.de\/wp-content\/uploads\/2023\/11\/kommit-Clip-5-650x650.png 650w, https:\/\/kommit-bike.de\/wp-content\/uploads\/2023\/11\/kommit-Clip-5-768x768.png 768w, https:\/\/kommit-bike.de\/wp-content\/uploads\/2023\/11\/kommit-Clip-5-300x300.png 300w, https:\/\/kommit-bike.de\/wp-content\/uploads\/2023\/11\/kommit-Clip-5-600x600.png 600w, https:\/\/kommit-bike.de\/wp-content\/uploads\/2023\/11\/kommit-Clip-5-100x100.png 100w, https:\/\/kommit-bike.de\/wp-content\/uploads\/2023\/11\/kommit-Clip-5.png 1000w\" sizes=\"auto, (max-width: 250px) 100vw, 250px\" \/><img loading=\"lazy\" decoding=\"async\" class=\"alignnone wp-image-24616\" src=\"https:\/\/kommit-bike.de\/wp-content\/uploads\/2023\/12\/kommit-Clip-9-450x450.png\" alt=\"\" width=\"250\" height=\"250\" srcset=\"https:\/\/kommit-bike.de\/wp-content\/uploads\/2023\/12\/kommit-Clip-9-450x450.png 450w, https:\/\/kommit-bike.de\/wp-content\/uploads\/2023\/12\/kommit-Clip-9-650x650.png 650w, https:\/\/kommit-bike.de\/wp-content\/uploads\/2023\/12\/kommit-Clip-9-768x768.png 768w, https:\/\/kommit-bike.de\/wp-content\/uploads\/2023\/12\/kommit-Clip-9-1536x1536.png 1536w, https:\/\/kommit-bike.de\/wp-content\/uploads\/2023\/12\/kommit-Clip-9-300x300.png 300w, https:\/\/kommit-bike.de\/wp-content\/uploads\/2023\/12\/kommit-Clip-9-600x600.png 600w, https:\/\/kommit-bike.de\/wp-content\/uploads\/2023\/12\/kommit-Clip-9-100x100.png 100w, https:\/\/kommit-bike.de\/wp-content\/uploads\/2023\/12\/kommit-Clip-9.png 1806w\" sizes=\"auto, (max-width: 250px) 100vw, 250px\" \/><img loading=\"lazy\" decoding=\"async\" class=\"alignnone wp-image-24579\" src=\"https:\/\/kommit-bike.de\/wp-content\/uploads\/2023\/12\/kommit-Clip-1-edited-450x450.png\" alt=\"\" width=\"250\" height=\"250\" srcset=\"https:\/\/kommit-bike.de\/wp-content\/uploads\/2023\/12\/kommit-Clip-1-edited-450x450.png 450w, https:\/\/kommit-bike.de\/wp-content\/uploads\/2023\/12\/kommit-Clip-1-edited-650x650.png 650w, https:\/\/kommit-bike.de\/wp-content\/uploads\/2023\/12\/kommit-Clip-1-edited-768x768.png 768w, https:\/\/kommit-bike.de\/wp-content\/uploads\/2023\/12\/kommit-Clip-1-edited-300x300.png 300w, https:\/\/kommit-bike.de\/wp-content\/uploads\/2023\/12\/kommit-Clip-1-edited-600x600.png 600w, https:\/\/kommit-bike.de\/wp-content\/uploads\/2023\/12\/kommit-Clip-1-edited-100x100.png 100w, https:\/\/kommit-bike.de\/wp-content\/uploads\/2023\/12\/kommit-Clip-1-edited.png 886w\" sizes=\"auto, (max-width: 250px) 100vw, 250px\" \/><\/p>\n<h3><strong>D&#8217;autres id\u00e9es&nbsp;?<\/strong><\/h3>\n<p>Nous sommes s\u00fbrs que vous avez maintenant encore plus de possibilit\u00e9s en t\u00eate. Faites-les nous savoir&nbsp;! Comme toujours, nous les transmettons \u00e0 la communaut\u00e9.   <a href=\"https:\/\/kommit-bike.de\/fr\/kontakt\/\">Contactez-nous ici&nbsp;!<\/a><\/p>\n<p>Le mat\u00e9riau est fabriqu\u00e9 en plastique de haute qualit\u00e9 et est livr\u00e9 avec une bande Velcro pour fixer le syst\u00e8me de traction kommit\u00ae Outdoor et le fixer \u00e0 la ceinture.<\/p>\n<p>&nbsp;<\/p>\n<p><!--more--><\/p>\n<h3>Vid\u00e9os&nbsp;: possibilit\u00e9s d&#8217;utilisation du kommit\u00ae Multisport CLIP<\/h3>\n<p><iframe loading=\"lazy\" title=\"kommit\u00ae Multisport Clip - beim Berglauf oder Joggen sein seinen Partner\/Kind hinter sich her ziehen\" width=\"1200\" height=\"675\" src=\"https:\/\/www.youtube.com\/embed\/zA0iMO2BsMA?feature=oembed\" frameborder=\"0\" allow=\"accelerometer; autoplay; clipboard-write; encrypted-media; gyroscope; picture-in-picture; web-share\" referrerpolicy=\"strict-origin-when-cross-origin\" allowfullscreen><\/iframe><\/p>\n<p><iframe loading=\"lazy\" title=\"kommit\u00ae Multisport Clip - Befestigung an Sattelst\u00fctze\" width=\"1200\" height=\"675\" src=\"https:\/\/www.youtube.com\/embed\/n_YFvZFjU64?feature=oembed\" frameborder=\"0\" allow=\"accelerometer; autoplay; clipboard-write; encrypted-media; gyroscope; picture-in-picture; web-share\" referrerpolicy=\"strict-origin-when-cross-origin\" allowfullscreen><\/iframe><\/p>\n<p><!--more--><\/p>\n<h3>Vid\u00e9o&nbsp;: sports d&#8217;hiver avec le kommit\u00ae Multisport CLIP<\/h3>\n<div style=\"width: 1080px;\" class=\"wp-video\"><video class=\"wp-video-shortcode\" id=\"video-30576-1\" width=\"1080\" height=\"1920\" preload=\"metadata\" controls=\"controls\"><source type=\"video\/mp4\" src=\"https:\/\/kommit-bike.de\/wp-content\/uploads\/2023\/11\/24_11-kommit-Winter-Video.mp4?_=1\" \/><a href=\"https:\/\/kommit-bike.de\/wp-content\/uploads\/2023\/11\/24_11-kommit-Winter-Video.mp4\">https:\/\/kommit-bike.de\/wp-content\/uploads\/2023\/11\/24_11-kommit-Winter-Video.mp4<\/a><\/video><\/div>\n<p>&nbsp;<\/p>\n","protected":false},"excerpt":{"rendered":"<p>kommit\u00ae Multisport CLIP avec ceinture kommit\u00ae Outdoor&nbsp;! (Sans syst\u00e8me de traction kommit\u00ae) Gr\u00e2ce au kommit\u00ae Multisport CLIP que nous avons &#8230; <\/p>\n<p class=\"read-more-container\"><a title=\"kommit\u00ae Multisport CLIP avec ceinture kommit\u00ae Outdoor\" class=\"read-more button\" href=\"https:\/\/kommit-bike.de\/fr\/produkt\/kommit-multisport-clip-inklusive-outdoor-gurtel\/#more-30576\" aria-label=\"En savoir plus sur kommit\u00ae Multisport CLIP avec ceinture kommit\u00ae Outdoor\">Lire plus<\/a><\/p>\n","protected":false},"featured_media":30193,"comment_status":"open","ping_status":"closed","template":"","meta":[],"product_brand":[],"product_cat":[177],"product_tag":[],"class_list":{"0":"post-30576","1":"product","2":"type-product","3":"status-publish","4":"has-post-thumbnail","6":"product_cat-accessoires-kommit","7":"resize-featured-image","8":"sales-flash-overlay","9":"woocommerce-text-align-left","10":"woocommerce-image-align-left","11":"do-quantity-buttons","12":"wc-has-gallery","14":"first","15":"onbackorder","16":"featured","17":"taxable","18":"shipping-taxable","19":"purchasable","20":"product-type-simple"},"bundled_by":[],"bundle_stock_status":"onbackorder","bundle_stock_quantity":-114,"bundle_virtual":false,"bundle_layout":"","bundle_add_to_cart_form_location":"","bundle_editable_in_cart":false,"bundle_sold_individually_context":"","bundle_item_grouping":"","bundle_min_size":"","bundle_max_size":"","bundle_price":[],"bundled_items":[],"bundle_sell_ids":[30793,30573],"featured_image_urls_v2":{"full":["https:\/\/kommit-bike.de\/wp-content\/uploads\/2023\/11\/KO-Clip-1000-\u00d7-1000-px.png",1000,1000,false],"thumbnail":["https:\/\/kommit-bike.de\/wp-content\/uploads\/2023\/11\/KO-Clip-1000-\u00d7-1000-px-450x450.png",450,450,true],"medium":["https:\/\/kommit-bike.de\/wp-content\/uploads\/2023\/11\/KO-Clip-1000-\u00d7-1000-px-450x450.png",450,450,true],"medium_large":["https:\/\/kommit-bike.de\/wp-content\/uploads\/2023\/11\/KO-Clip-1000-\u00d7-1000-px-768x768.png",768,768,true],"large":["https:\/\/kommit-bike.de\/wp-content\/uploads\/2023\/11\/KO-Clip-1000-\u00d7-1000-px-650x650.png",650,650,true],"1536x1536":["https:\/\/kommit-bike.de\/wp-content\/uploads\/2023\/11\/KO-Clip-1000-\u00d7-1000-px.png",1000,1000,false],"2048x2048":["https:\/\/kommit-bike.de\/wp-content\/uploads\/2023\/11\/KO-Clip-1000-\u00d7-1000-px.png",1000,1000,false],"woocommerce_thumbnail":["https:\/\/kommit-bike.de\/wp-content\/uploads\/2023\/11\/KO-Clip-1000-\u00d7-1000-px-300x300.png",300,300,true],"woocommerce_single":["https:\/\/kommit-bike.de\/wp-content\/uploads\/2023\/11\/KO-Clip-1000-\u00d7-1000-px-600x600.png",600,600,true],"woocommerce_gallery_thumbnail":["https:\/\/kommit-bike.de\/wp-content\/uploads\/2023\/11\/KO-Clip-1000-\u00d7-1000-px-100x100.png",100,100,true]},"post_excerpt_stackable_v2":"<p>kommit\u00ae Multisport CLIP avec ceinture kommit\u00ae Outdoor&nbsp;! (Sans syst\u00e8me de traction kommit\u00ae) Gr\u00e2ce au kommit\u00ae Multisport CLIP que nous avons d\u00e9velopp\u00e9, ton syst\u00e8me de traction kommit\u00ae est d\u00e9sormais pr\u00eat \u00e0 l&#8217;emploi pour presque tous les sports. Fixe simplement le syst\u00e8me de traction kommit\u00ae Outdoor, r\u00e9compens\u00e9 par le Design Innovation Award, sans outil et en quelques secondes dans le kommit\u00ae Multisport CLIP, enfile la ceinture kommit\u00ae Outdoor et c&#8217;est parti pour des possibilit\u00e9s illimit\u00e9es. Chez le partenaire, selon le sport, la boucle peut ensuite \u00eatre fix\u00e9e \u00e0 un mousqueton sur une ceinture, une ceinture de sac \u00e0 dos, un baudrier d&#8217;escalade,\u2026<\/p>\n","category_list_v2":"","author_info_v2":{"name":"","url":""},"comments_num_v2":"0 commentaire","_links":{"self":[{"href":"https:\/\/kommit-bike.de\/fr\/wp-json\/wp\/v2\/product\/30576","targetHints":{"allow":["GET"]}}],"collection":[{"href":"https:\/\/kommit-bike.de\/fr\/wp-json\/wp\/v2\/product"}],"about":[{"href":"https:\/\/kommit-bike.de\/fr\/wp-json\/wp\/v2\/types\/product"}],"replies":[{"embeddable":true,"href":"https:\/\/kommit-bike.de\/fr\/wp-json\/wp\/v2\/comments?post=30576"}],"wp:featuredmedia":[{"embeddable":true,"href":"https:\/\/kommit-bike.de\/fr\/wp-json\/wp\/v2\/media\/30193"}],"wp:attachment":[{"href":"https:\/\/kommit-bike.de\/fr\/wp-json\/wp\/v2\/media?parent=30576"}],"wp:term":[{"taxonomy":"product_brand","embeddable":true,"href":"https:\/\/kommit-bike.de\/fr\/wp-json\/wp\/v2\/product_brand?post=30576"},{"taxonomy":"product_cat","embeddable":true,"href":"https:\/\/kommit-bike.de\/fr\/wp-json\/wp\/v2\/product_cat?post=30576"},{"taxonomy":"product_tag","embeddable":true,"href":"https:\/\/kommit-bike.de\/fr\/wp-json\/wp\/v2\/product_tag?post=30576"}],"curies":[{"name":"wp","href":"https:\/\/api.w.org\/{rel}","templated":true}]}}